{"id":117,"date":"2019-01-07T19:42:06","date_gmt":"2019-01-07T19:42:06","guid":{"rendered":"http:\/\/blumensimon.de\/?page_id=117"},"modified":"2019-01-07T19:42:06","modified_gmt":"2019-01-07T19:42:06","slug":"datenschutzerklaerung","status":"publish","type":"page","link":"https:\/\/blumensimon.de\/?page_id=117","title":{"rendered":"Datenschutzerkl\u00e4rung"},"content":{"rendered":"\n<h2 class=\"wp-block-heading\"><\/h2>\n\n\n\n<p>Diese \nDatenschutzerkl\u00e4rung kl\u00e4rt Sie \u00fcber die Art, den Umfang und Zweck der \nVerarbeitung von personenbezogenen Daten (nachfolgend kurz \u201eDaten\u201c) im \nRahmen der Erbringung unserer Leistungen sowie innerhalb unseres \nOnlineangebotes und der mit ihm verbundenen Webseiten, Funktionen und \nInhalte sowie externen Onlinepr\u00e4senzen, wie z.B. unser Social Media \nProfile auf (nachfolgend gemeinsam bezeichnet als \u201eOnlineangebot\u201c). Im \nHinblick auf die verwendeten Begrifflichkeiten, wie z.B. \u201eVerarbeitung\u201c \noder \u201eVerantwortlicher\u201c verweisen wir auf die Definitionen im Art. 4 der\n Datenschutzgrundverordnung (DSGVO). <br>\n<br>\n<\/p>\n\n\n\n<h3 class=\"wp-block-heading\" id=\"dsg-general-controller\">Verantwortlicher<\/h3>\n\n\n\n<p>Blumen Simon<br>Inh. Markus Simon<br>Im Kienborn 8<br>56368 Katzenelnbogen<br> <br>eMail: mail@blumensimon.de<br> <br>Link zum Impressum: https:\/\/blumensimon.de\/?page_id=21<\/p>\n\n\n\n<h3 class=\"wp-block-heading\" id=\"dsg-general-datatype\">Arten der verarbeiteten Daten<\/h3>\n\n\n\n<ul class=\"wp-block-list\"><li>Bestandsdaten (z.B., Personen-Stammdaten, Namen oder Adressen).<\/li><li>Kontaktdaten (z.B., E-Mail, Telefonnummern).<\/li><li>Inhaltsdaten (z.B., Texteingaben, Fotografien, Videos).<\/li><li>Nutzungsdaten (z.B., besuchte Webseiten, Interesse an Inhalten, Zugriffszeiten).<\/li><li>Meta-\/Kommunikationsdaten (z.B., Ger\u00e4te-Informationen, IP-Adressen).<\/li><\/ul>\n\n\n\n<h3 class=\"wp-block-heading\" id=\"dsg-general-datasubjects\">Kategorien betroffener Personen<\/h3>\n\n\n\n<p>Besucher und Nutzer des Onlineangebotes (Nachfolgend bezeichnen wir die betroffenen Personen zusammenfassend auch als \u201eNutzer\u201c).<br>\n<\/p>\n\n\n\n<h3 class=\"wp-block-heading\" id=\"dsg-general-purpose\">Zweck der Verarbeitung<\/h3>\n\n\n\n<ul class=\"wp-block-list\"><li>Zurverf\u00fcgungstellung des Onlineangebotes, seiner Funktionen und  Inhalte.<\/li><li>Beantwortung von Kontaktanfragen und Kommunikation mit Nutzern.<\/li><li>Sicherheitsma\u00dfnahmen.<br> <\/li><\/ul>\n\n\n\n<h3 class=\"wp-block-heading\" id=\"dsg-general-terms\">Verwendete Begrifflichkeiten <\/h3>\n\n\n\n<p>\u201ePersonenbezogene\n Daten\u201c sind alle Informationen, die sich auf eine identifizierte oder \nidentifizierbare nat\u00fcrliche Person (im Folgenden \u201ebetroffene Person\u201c) \nbeziehen; als identifizierbar wird eine nat\u00fcrliche Person angesehen, die\n direkt oder indirekt, insbesondere mittels Zuordnung zu einer Kennung \nwie einem Namen, zu einer Kennnummer, zu Standortdaten, zu einer \nOnline-Kennung (z.B. Cookie) oder zu einem oder mehreren besonderen \nMerkmalen identifiziert werden kann, die Ausdruck der physischen, \nphysiologischen, genetischen, psychischen, wirtschaftlichen, kulturellen\n oder sozialen Identit\u00e4t dieser nat\u00fcrlichen Person sind.<br>\n<br>\n\u201eVerarbeitung\u201c ist jeder mit oder ohne Hilfe automatisierter Verfahren \nausgef\u00fchrte Vorgang oder jede solche Vorgangsreihe im Zusammenhang mit \npersonenbezogenen Daten. Der Begriff reicht weit und umfasst praktisch \njeden Umgang mit Daten.<br>\n<br>\n\u201ePseudonymisierung\u201c die Verarbeitung personenbezogener Daten in einer \nWeise, dass die personenbezogenen Daten ohne Hinzuziehung zus\u00e4tzlicher \nInformationen nicht mehr einer spezifischen betroffenen Person \nzugeordnet werden k\u00f6nnen, sofern diese zus\u00e4tzlichen Informationen \ngesondert aufbewahrt werden und technischen und organisatorischen \nMa\u00dfnahmen unterliegen, die gew\u00e4hrleisten, dass die personenbezogenen \nDaten nicht einer identifizierten oder identifizierbaren nat\u00fcrlichen \nPerson zugewiesen werden.<br>\n<br>\n\u201eProfiling\u201c jede Art der automatisierten Verarbeitung personenbezogener \nDaten, die darin besteht, dass diese personenbezogenen Daten verwendet \nwerden, um bestimmte pers\u00f6nliche Aspekte, die sich auf eine nat\u00fcrliche \nPerson beziehen, zu bewerten, insbesondere um Aspekte bez\u00fcglich \nArbeitsleistung, wirtschaftliche Lage, Gesundheit, pers\u00f6nliche \nVorlieben, Interessen, Zuverl\u00e4ssigkeit, Verhalten, Aufenthaltsort oder \nOrtswechsel dieser nat\u00fcrlichen Person zu analysieren oder vorherzusagen.<br>\n<br>\nAls \u201eVerantwortlicher\u201c wird die nat\u00fcrliche oder juristische Person, \nBeh\u00f6rde, Einrichtung oder andere Stelle, die allein oder gemeinsam mit \nanderen \u00fcber die Zwecke und Mittel der Verarbeitung von \npersonenbezogenen Daten entscheidet, bezeichnet.<br>\n<br>\n\u201eAuftragsverarbeiter\u201c eine nat\u00fcrliche oder juristische Person, Beh\u00f6rde, \nEinrichtung oder andere Stelle, die personenbezogene Daten im Auftrag \ndes Verantwortlichen verarbeitet.<br>\n<\/p>\n\n\n\n<h3 class=\"wp-block-heading\" id=\"dsg-general-legalbasis\">Ma\u00dfgebliche Rechtsgrundlagen<\/h3>\n\n\n\n<p>Nach\n Ma\u00dfgabe des Art. 13 DSGVO teilen wir Ihnen die Rechtsgrundlagen unserer\n Datenverarbeitungen mit.  F\u00fcr Nutzer aus dem Geltungsbereich der \nDatenschutzgrundverordnung (DSGVO), d.h. der EU und des EWG gilt, sofern\n die Rechtsgrundlage in der Datenschutzerkl\u00e4rung nicht genannt wird, \nFolgendes: <br>\nDie Rechtsgrundlage f\u00fcr die Einholung von Einwilligungen ist Art. 6 Abs. 1 lit. a und Art. 7 DSGVO;<br>\nDie Rechtsgrundlage f\u00fcr die Verarbeitung zur Erf\u00fcllung unserer \nLeistungen und Durchf\u00fchrung vertraglicher Ma\u00dfnahmen sowie Beantwortung \nvon Anfragen ist Art. 6 Abs. 1 lit. b DSGVO;<br>\nDie Rechtsgrundlage f\u00fcr die Verarbeitung zur Erf\u00fcllung unserer rechtlichen Verpflichtungen ist Art. 6 Abs. 1 lit. c DSGVO;<br>\nF\u00fcr den Fall, dass lebenswichtige Interessen der betroffenen Person oder\n einer anderen nat\u00fcrlichen Person eine Verarbeitung personenbezogener \nDaten erforderlich machen, dient Art. 6 Abs. 1 lit. d DSGVO als \nRechtsgrundlage.<br>\nDie Rechtsgrundlage f\u00fcr die erforderliche Verarbeitung zur Wahrnehmung \neiner Aufgabe, die im \u00f6ffentlichen Interesse liegt oder in Aus\u00fcbung \n\u00f6ffentlicher Gewalt erfolgt, die dem Verantwortlichen \u00fcbertragen wurde \nist Art. 6 Abs. 1 lit. e DSGVO. <br>\nDie Rechtsgrundlage f\u00fcr die Verarbeitung zur Wahrung unserer berechtigten Interessen ist Art. 6 Abs. 1 lit. f DSGVO. <br>\nDie Verarbeitung von Daten zu anderen Zwecken als denen, zu denen sie \nehoben wurden, bestimmt sich nach den Vorgaben des Art 6 Abs. 4 DSGVO. <br>\nDie Verarbeitung von besonderen Kategorien von Daten (entsprechend Art. 9\n Abs. 1 DSGVO) bestimmt sich nach den Vorgaben des Art. 9 Abs. 2 DSGVO. <br>\n<\/p>\n\n\n\n<h3 class=\"wp-block-heading\" id=\"dsg-general-securitymeasures\">Sicherheitsma\u00dfnahmen<\/h3>\n\n\n\n<p>Wir  treffen nach Ma\u00dfgabe der gesetzlichen Vorgabenunter Ber\u00fccksichtigung  des Stands der Technik, der Implementierungskosten und der Art, des  Umfangs, der Umst\u00e4nde und der Zwecke der Verarbeitung sowie der  unterschiedlichen Eintrittswahrscheinlichkeit und Schwere des Risikos  f\u00fcr die Rechte und Freiheiten nat\u00fcrlicher Personen, geeignete technische  und organisatorische Ma\u00dfnahmen, um ein dem Risiko angemessenes  Schutzniveau zu gew\u00e4hrleisten.<br> <br>Zu den Ma\u00dfnahmen geh\u00f6ren insbesondere die Sicherung der Vertraulichkeit,  Integrit\u00e4t und Verf\u00fcgbarkeit von Daten durch Kontrolle des physischen  Zugangs zu den Daten, als auch des sie betreffenden Zugriffs, der  Eingabe, Weitergabe, der Sicherung der Verf\u00fcgbarkeit und ihrer Trennung.  Des Weiteren haben wir Verfahren eingerichtet, die eine Wahrnehmung von  Betroffenenrechten, L\u00f6schung von Daten und Reaktion auf Gef\u00e4hrdung der  Daten gew\u00e4hrleisten. Ferner ber\u00fccksichtigen wir den Schutz  personenbezogener Daten bereits bei der Entwicklung, bzw. Auswahl von  Hardware, Software sowie Verfahren, entsprechend dem Prinzip des  Datenschutzes durch Technikgestaltung und durch datenschutzfreundliche  Voreinstellungen.<br> <\/p>\n\n\n\n<h3 class=\"wp-block-heading\" id=\"dsg-general-coprocessing\">Zusammenarbeit mit Auftragsverarbeitern, gemeinsam Verantwortlichen und Dritten<\/h3>\n\n\n\n<p>Sofern  wir im Rahmen unserer Verarbeitung Daten gegen\u00fcber anderen Personen und  Unternehmen (Auftragsverarbeitern, gemeinsam Verantwortlichen oder  Dritten) offenbaren, sie an diese \u00fcbermitteln oder ihnen sonst Zugriff  auf die Daten gew\u00e4hren, erfolgt dies nur auf Grundlage einer  gesetzlichen Erlaubnis (z.B. wenn eine \u00dcbermittlung der Daten an Dritte,  wie an Zahlungsdienstleister, zur Vertragserf\u00fcllung erforderlich ist),  Nutzer eingewilligt haben, eine rechtliche Verpflichtung dies vorsieht  oder auf Grundlage unserer berechtigten Interessen (z.B. beim Einsatz  von Beauftragten, Webhostern, etc.). <br> <br>Sofern wir Daten anderen Unternehmen unserer Unternehmensgruppe  offenbaren, \u00fcbermitteln oder ihnen sonst den Zugriff gew\u00e4hren, erfolgt  dies insbesondere zu administrativen Zwecken als berechtigtes Interesse  und dar\u00fcberhinausgehend auf einer den gesetzlichen Vorgaben  entsprechenden Grundlage. <br> <\/p>\n\n\n\n<h3 class=\"wp-block-heading\" id=\"dsg-general-thirdparty\">\u00dcbermittlungen in Drittl\u00e4nder<\/h3>\n\n\n\n<p>Sofern\n wir Daten in einem Drittland (d.h. au\u00dferhalb der Europ\u00e4ischen Union \n(EU), des Europ\u00e4ischen Wirtschaftsraums (EWR) oder der Schweizer \nEidgenossenschaft) verarbeiten oder dies im Rahmen der Inanspruchnahme \nvon Diensten Dritter oder Offenlegung, bzw. \u00dcbermittlung von Daten an \nandere Personen oder Unternehmen geschieht, erfolgt dies nur, wenn es \nzur Erf\u00fcllung unserer (vor)vertraglichen Pflichten, auf Grundlage Ihrer \nEinwilligung, aufgrund einer rechtlichen Verpflichtung oder auf \nGrundlage unserer berechtigten Interessen geschieht. Vorbehaltlich \ngesetzlicher oder vertraglicher Erlaubnisse, verarbeiten oder lassen wir\n die Daten in einem Drittland nur beim Vorliegen der gesetzlichen \nVoraussetzungen. D.h. die Verarbeitung erfolgt z.B. auf Grundlage \nbesonderer Garantien, wie der offiziell anerkannten Feststellung eines \nder EU entsprechenden Datenschutzniveaus (z.B. f\u00fcr die USA durch das \n\u201ePrivacy Shield\u201c) oder Beachtung offiziell anerkannter spezieller \nvertraglicher Verpflichtungen.<\/p>\n\n\n\n<h3 class=\"wp-block-heading\" id=\"dsg-general-rightssubject\">Rechte der betroffenen Personen<\/h3>\n\n\n\n<p>Sie  haben das Recht, eine Best\u00e4tigung dar\u00fcber zu verlangen, ob betreffende  Daten verarbeitet werden und auf Auskunft \u00fcber diese Daten sowie auf  weitere Informationen und Kopie der Daten entsprechend den gesetzlichen  Vorgaben.<br> <br>Sie haben entsprechend. den gesetzlichen Vorgaben das Recht, die  Vervollst\u00e4ndigung der Sie betreffenden Daten oder die Berichtigung der  Sie betreffenden unrichtigen Daten zu verlangen.<br> <br>Sie haben nach Ma\u00dfgabe der gesetzlichen Vorgaben das Recht zu verlangen,  dass betreffende Daten unverz\u00fcglich gel\u00f6scht werden, bzw. alternativ  nach Ma\u00dfgabe der gesetzlichen Vorgaben eine Einschr\u00e4nkung der  Verarbeitung der Daten zu verlangen.<br> <br>Sie haben das Recht zu verlangen, dass die Sie betreffenden Daten, die  Sie uns bereitgestellt haben nach Ma\u00dfgabe der gesetzlichen Vorgaben zu  erhalten und deren \u00dcbermittlung an andere Verantwortliche zu fordern. <br> <br>Sie haben ferner nach Ma\u00dfgabe der gesetzlichen Vorgaben das Recht, eine  Beschwerde bei der zust\u00e4ndigen Aufsichtsbeh\u00f6rde einzureichen.<br> <\/p>\n\n\n\n<h3 class=\"wp-block-heading\" id=\"dsg-general-revokeconsent\">Widerrufsrecht<\/h3>\n\n\n\n<p>Sie haben das Recht, erteilte Einwilligungen mit Wirkung f\u00fcr die Zukunft zu widerrufen.<\/p>\n\n\n\n<h3 class=\"wp-block-heading\" id=\"dsg-general-object\">Widerspruchsrecht<\/h3>\n\n\n\n<p><strong>Sie\n k\u00f6nnen der k\u00fcnftigen Verarbeitung der Sie betreffenden Daten nach \nMa\u00dfgabe der gesetzlichen Vorgaben jederzeit widersprechen. Der \nWiderspruch kann insbesondere gegen die Verarbeitung f\u00fcr Zwecke der \nDirektwerbung erfolgen.<\/strong><\/p>\n\n\n\n<h3 class=\"wp-block-heading\" id=\"dsg-general-cookies\">Cookies und Widerspruchsrecht bei Direktwerbung<\/h3>\n\n\n\n<p>Als  \u201eCookies\u201c werden kleine Dateien bezeichnet, die auf Rechnern der Nutzer  gespeichert werden. Innerhalb der Cookies k\u00f6nnen unterschiedliche  Angaben gespeichert werden. Ein Cookie dient prim\u00e4r dazu, die Angaben zu  einem Nutzer (bzw. dem Ger\u00e4t auf dem das Cookie gespeichert ist)  w\u00e4hrend oder auch nach seinem Besuch innerhalb eines Onlineangebotes zu  speichern. Als tempor\u00e4re Cookies, bzw. \u201eSession-Cookies\u201c oder  \u201etransiente Cookies\u201c, werden Cookies bezeichnet, die gel\u00f6scht werden,  nachdem ein Nutzer ein Onlineangebot verl\u00e4sst und seinen Browser  schlie\u00dft. In einem solchen Cookie kann z.B. der Inhalt eines Warenkorbs  in einem Onlineshop oder ein Login-Status gespeichert werden. Als  \u201epermanent\u201c oder \u201epersistent\u201c werden Cookies bezeichnet, die auch nach  dem Schlie\u00dfen des Browsers gespeichert bleiben. So kann z.B. der  Login-Status gespeichert werden, wenn die Nutzer diese nach mehreren  Tagen aufsuchen. Ebenso k\u00f6nnen in einem solchen Cookie die Interessen  der Nutzer gespeichert werden, die f\u00fcr Reichweitenmessung oder  Marketingzwecke verwendet werden. Als \u201eThird-Party-Cookie\u201c werden  Cookies bezeichnet, die von anderen Anbietern als dem Verantwortlichen,  der das Onlineangebot betreibt, angeboten werden (andernfalls, wenn es  nur dessen Cookies sind spricht man von \u201eFirst-Party Cookies\u201c).<br> <br>Wir k\u00f6nnen tempor\u00e4re und permanente Cookies einsetzen und kl\u00e4ren hier\u00fcber im Rahmen unserer Datenschutzerkl\u00e4rung auf.<br> <br>Falls die Nutzer nicht m\u00f6chten, dass Cookies auf ihrem Rechner  gespeichert werden, werden sie gebeten die entsprechende Option in den  Systemeinstellungen ihres Browsers zu deaktivieren. Gespeicherte Cookies  k\u00f6nnen in den Systemeinstellungen des Browsers gel\u00f6scht werden. Der  Ausschluss von Cookies kann zu Funktionseinschr\u00e4nkungen dieses  Onlineangebotes f\u00fchren.<br><\/p>\n\n\n\n<h3 class=\"wp-block-heading\" id=\"dsg-general-erasure\">L\u00f6schung von Daten<\/h3>\n\n\n\n<p>Die  von uns verarbeiteten Daten werden nach Ma\u00dfgabe der gesetzlichen  Vorgaben gel\u00f6scht oder in ihrer Verarbeitung eingeschr\u00e4nkt. Sofern nicht  im Rahmen dieser Datenschutzerkl\u00e4rung ausdr\u00fccklich angegeben, werden  die bei uns gespeicherten Daten gel\u00f6scht, sobald sie f\u00fcr ihre  Zweckbestimmung nicht mehr erforderlich sind und der L\u00f6schung keine  gesetzlichen Aufbewahrungspflichten entgegenstehen. <br> <br>Sofern die Daten nicht gel\u00f6scht werden, weil sie f\u00fcr andere und  gesetzlich zul\u00e4ssige Zwecke erforderlich sind, wird deren Verarbeitung  eingeschr\u00e4nkt. D.h. die Daten werden gesperrt und nicht f\u00fcr andere  Zwecke verarbeitet. Das gilt z.B. f\u00fcr Daten, die aus handels- oder  steuerrechtlichen Gr\u00fcnden aufbewahrt werden m\u00fcssen.<\/p>\n\n\n\n<h3 class=\"wp-block-heading\" id=\"dsg-general-changes\">\u00c4nderungen und Aktualisierungen der Datenschutzerkl\u00e4rung<\/h3>\n\n\n\n<p>Wir\n bitten Sie sich regelm\u00e4\u00dfig \u00fcber den Inhalt unserer Datenschutzerkl\u00e4rung\n zu informieren. Wir passen die Datenschutzerkl\u00e4rung an, sobald die \n\u00c4nderungen der von uns durchgef\u00fchrten Datenverarbeitungen dies \nerforderlich machen. Wir informieren Sie, sobald durch die \u00c4nderungen \neine Mitwirkungshandlung Ihrerseits (z.B. Einwilligung) oder eine \nsonstige individuelle Benachrichtigung erforderlich wird.<\/p>\n\n\n\n<h3 class=\"wp-block-heading\" id=\"dsg-administration\">Administration, Finanzbuchhaltung, B\u00fcroorganisation, Kontaktverwaltung<\/h3>\n\n\n\n<p>Wir  verarbeiten Daten im Rahmen von Verwaltungsaufgaben sowie Organisation  unseres Betriebs, Finanzbuchhaltung und Befolgung der gesetzlichen  Pflichten, wie z.B. der Archivierung. Hierbei verarbeiten wir dieselben  Daten, die wir im Rahmen der Erbringung unserer vertraglichen Leistungen  verarbeiten. Die Verarbeitungsgrundlagen sind Art. 6 Abs. 1 lit. c.  DSGVO, Art. 6 Abs. 1 lit. f. DSGVO. Von der Verarbeitung sind Kunden,  Interessenten, Gesch\u00e4ftspartner und Websitebesucher betroffen. Der Zweck  und unser Interesse an der Verarbeitung liegt in der Administration,  Finanzbuchhaltung, B\u00fcroorganisation, Archivierung von Daten, also  Aufgaben die der Aufrechterhaltung unserer Gesch\u00e4ftst\u00e4tigkeiten,  Wahrnehmung unserer Aufgaben und Erbringung unserer Leistungen dienen.  Die L\u00f6schung der Daten im Hinblick auf vertragliche Leistungen und die  vertragliche Kommunikation entspricht den, bei diesen  Verarbeitungst\u00e4tigkeiten genannten Angaben.<br> <br>Wir offenbaren oder \u00fcbermitteln hierbei Daten an die Finanzverwaltung,  Berater, wie z.B., Steuerberater oder Wirtschaftspr\u00fcfer sowie weitere  Geb\u00fchrenstellen und Zahlungsdienstleister.<br> <br>Ferner speichern wir auf Grundlage unserer betriebswirtschaftlichen  Interessen Angaben zu Lieferanten, Veranstaltern und sonstigen  Gesch\u00e4ftspartnern, z.B. zwecks sp\u00e4terer Kontaktaufnahme. Diese  mehrheitlich unternehmensbezogenen Daten, speichern wir grunds\u00e4tzlich  dauerhaft.<br> <\/p>\n\n\n\n<h3 class=\"wp-block-heading\" id=\"dsg-comments\">Kommentare und Beitr\u00e4ge<\/h3>\n\n\n\n<p>Wenn  Nutzer Kommentare oder sonstige Beitr\u00e4ge hinterlassen, k\u00f6nnen ihre  IP-Adressen auf Grundlage unserer berechtigten Interessen im Sinne des  Art. 6 Abs. 1 lit. f. DSGVO f\u00fcr 7 Tage gespeichert werden. Das erfolgt  zu unserer Sicherheit, falls jemand in Kommentaren und Beitr\u00e4gen  widerrechtliche Inhalte hinterl\u00e4sst (Beleidigungen, verbotene politische  Propaganda, etc.). In diesem Fall k\u00f6nnen wir selbst f\u00fcr den Kommentar  oder Beitrag belangt werden und sind daher an der Identit\u00e4t des  Verfassers interessiert.<br> <br>Des Weiteren behalten wir uns vor, auf Grundlage unserer berechtigten  Interessen gem. Art. 6 Abs. 1 lit. f. DSGVO, die Angaben der Nutzer  zwecks Spamerkennung zu verarbeiten.<br> <br>Auf derselben Rechtsgrundlage behalten wir uns vor, im Fall von Umfragen  die IP-Adressen der Nutzer f\u00fcr deren Dauer zu speichern und Cookies zu  verwenden, um Mehrfachabstimmungen zu vermeiden.<br> <br>Die im Rahmen der Kommentare und Beitr\u00e4ge mitgeteilte Informationen zur  Person, etwaige Kontakt- sowie Websiteinformationen als auch die  inhaltlichen Angaben, werden von uns bis zum Widerspruch der Nutzer  dauerhaft gespeichert.<\/p>\n\n\n\n<h3 class=\"wp-block-heading\" id=\"dsg-gravatar\">Abruf von Profilbildern bei Gravatar<\/h3>\n\n\n\n<p>Wir  setzen innerhalb unseres Onlineangebotes und insbesondere im Blog den  Dienst Gravatar der Automattic Inc., 60 29th Street #343, San Francisco,  CA 94110, USA, ein.<br> <br>Gravatar ist ein Dienst, bei dem sich Nutzer anmelden und Profilbilder  und ihre E-Mailadressen hinterlegen k\u00f6nnen. Wenn Nutzer mit der  jeweiligen E-Mailadresse auf anderen Onlinepr\u00e4senzen (vor allem in  Blogs) Beitr\u00e4ge oder Kommentare hinterlassen, k\u00f6nnen so deren  Profilbilder neben den Beitr\u00e4gen oder Kommentaren dargestellt werden.  Hierzu wird die von den Nutzern mitgeteilte E-Mailadresse an Gravatar  zwecks Pr\u00fcfung, ob zu ihr ein Profil gespeichert ist, verschl\u00fcsselt  \u00fcbermittelt. Dies ist der einzige Zweck der \u00dcbermittlung der  E-Mailadresse und sie wird nicht f\u00fcr andere Zwecke verwendet, sondern  danach gel\u00f6scht.<br> <br>Die Nutzung von Gravatar erfolgt auf Grundlage unserer berechtigten  Interessen im Sinne des Art. 6 Abs. 1 lit. f) DSGVO, da wir mit Hilfe  von Gravatar den Beitrags- und Kommentarverfassern die M\u00f6glichkeit  bieten ihre Beitr\u00e4ge mit einem Profilbild zu personalisieren.<br> <br>Durch die Anzeige der Bilder bringt Gravatar die IP-Adresse der Nutzer  in Erfahrung, da dies f\u00fcr eine Kommunikation zwischen einem Browser und  einem Onlineservice notwendig ist. N\u00e4here Informationen zur Erhebung und  Nutzung der Daten durch Gravatar finden sich in den  Datenschutzhinweisen von Automattic: <a rel=\"noreferrer noopener\" target=\"_blank\" href=\"https:\/\/automattic.com\/privacy\/\">https:\/\/automattic.com\/privacy\/<\/a>.<br> <br>Wenn Nutzer nicht m\u00f6chten, dass ein mit Ihrer E-Mail-Adresse bei  Gravatar verkn\u00fcpftes Benutzerbild in den Kommentaren erscheint, sollten  Sie zum Kommentieren eine E-Mail-Adresse nutzen, welche nicht bei  Gravatar hinterlegt ist. Wir weisen ferner darauf hin, dass es auch  m\u00f6glich ist eine anonyme oder gar keine E-Mailadresse zu verwenden,  falls die Nutzer nicht w\u00fcnschen, dass die eigene E-Mailadresse an  Gravatar \u00fcbersendet wird. Nutzer k\u00f6nnen die \u00dcbertragung der Daten  komplett verhindern, indem Sie unser Kommentarsystem nicht nutzen.<\/p>\n\n\n\n<h3 class=\"wp-block-heading\" id=\"dsg-wordpress-emojis\">Abruf von Emojis und Smilies<\/h3>\n\n\n\n<p>Innerhalb  unseres WordPress-Blogs werden grafische Emojis (bzw. Smilies), d.h.  kleine grafische Dateien, die Gef\u00fchle ausdr\u00fccken, eingesetzt, die von  externen Servern bezogen werden. Hierbei erheben die Anbieter der  Server, die IP-Adressen der Nutzer. Dies ist notwendig, damit die  Emojie-Dateien an die Browser der Nutzer \u00fcbermittelt werden k\u00f6nnen. Der  Emojie-Service wird von der Automattic Inc., 60 29th Street #343, San  Francisco, CA 94110, USA, angeboten. Datenschutzhinweise von Automattic:  <a rel=\"noreferrer noopener\" target=\"_blank\" href=\"https:\/\/automattic.com\/privacy\/\">https:\/\/automattic.com\/privacy\/<\/a>.  Die verwendeten Server-Domains sind s.w.org und twemoji.maxcdn.com,  wobei es sich unseres Wissens nach um sog. Content-Delivery-Networks  handelt, also Server, die lediglich einer schnellen und sicheren  \u00dcbermittlung der Dateien dienen und die personenbezogenen Daten der  Nutzer nach der \u00dcbermittlung gel\u00f6scht werden.<br> <br>Die Nutzung der Emojis erfolgt auf Grundlage unserer berechtigten  Interessen, d.h. Interesse an einer attraktiven Gestaltung unseres  Onlineangebotes gem. Art. 6 Abs. 1 lit. f. DSGVO. <\/p>\n\n\n\n<h3 class=\"wp-block-heading\" id=\"dsg-hostingprovider\">Hosting und E-Mail-Versand<\/h3>\n\n\n\n<p>Die  von uns in Anspruch genommenen Hosting-Leistungen dienen der  Zurverf\u00fcgungstellung der folgenden Leistungen: Infrastruktur- und  Plattformdienstleistungen, Rechenkapazit\u00e4t, Speicherplatz und  Datenbankdienste, E-Mail-Versand, Sicherheitsleistungen sowie technische  Wartungsleistungen, die wir zum Zwecke des Betriebs dieses  Onlineangebotes einsetzen. <br> <br>Hierbei verarbeiten wir, bzw. unser Hostinganbieter Bestandsdaten,  Kontaktdaten, Inhaltsdaten, Vertragsdaten, Nutzungsdaten, Meta- und  Kommunikationsdaten von Kunden, Interessenten und Besuchern dieses  Onlineangebotes auf Grundlage unserer berechtigten Interessen an einer  effizienten und sicheren Zurverf\u00fcgungstellung dieses Onlineangebotes  gem. Art. 6 Abs. 1 lit. f DSGVO i.V.m. Art. 28 DSGVO (Abschluss  Auftragsverarbeitungsvertrag).<\/p>\n","protected":false},"excerpt":{"rendered":"<p>Diese Datenschutzerkl\u00e4rung kl\u00e4rt Sie \u00fcber die Art, den Umfang und Zweck der Verarbeitung von personenbezogenen Daten (nachfolgend kurz \u201eDaten\u201c) im Rahmen der Erbringung unserer Leistungen sowie innerhalb unseres Onlineangebotes und &#8230;<\/p>\n","protected":false},"author":1,"featured_media":0,"parent":0,"menu_order":0,"comment_status":"closed","ping_status":"closed","template":"","meta":{"footnotes":""},"class_list":["post-117","page","type-page","status-publish","hentry"],"_links":{"self":[{"href":"https:\/\/blumensimon.de\/index.php?rest_route=\/wp\/v2\/pages\/117","targetHints":{"allow":["GET"]}}],"collection":[{"href":"https:\/\/blumensimon.de\/index.php?rest_route=\/wp\/v2\/pages"}],"about":[{"href":"https:\/\/blumensimon.de\/index.php?rest_route=\/wp\/v2\/types\/page"}],"author":[{"embeddable":true,"href":"https:\/\/blumensimon.de\/index.php?rest_route=\/wp\/v2\/users\/1"}],"replies":[{"embeddable":true,"href":"https:\/\/blumensimon.de\/index.php?rest_route=%2Fwp%2Fv2%2Fcomments&post=117"}],"version-history":[{"count":1,"href":"https:\/\/blumensimon.de\/index.php?rest_route=\/wp\/v2\/pages\/117\/revisions"}],"predecessor-version":[{"id":118,"href":"https:\/\/blumensimon.de\/index.php?rest_route=\/wp\/v2\/pages\/117\/revisions\/118"}],"wp:attachment":[{"href":"https:\/\/blumensimon.de\/index.php?rest_route=%2Fwp%2Fv2%2Fmedia&parent=117"}],"curies":[{"name":"wp","href":"https:\/\/api.w.org\/{rel}","templated":true}]}}